{"id":21183,"date":"2023-03-08T13:57:53","date_gmt":"2023-03-08T12:57:53","guid":{"rendered":"https:\/\/www.rehabimed.net\/home-test\/"},"modified":"2023-03-23T14:06:48","modified_gmt":"2023-03-23T13:06:48","slug":"accueil","status":"publish","type":"page","link":"https:\/\/www.rehabimed.net\/fr\/","title":{"rendered":"Accueil"},"content":{"rendered":"\n<div style=\"height:50px\" aria-hidden=\"true\" class=\"wp-block-spacer\"><\/div>\n\n\n\n<div class=\"wp-block-columns is-layout-flex wp-container-core-columns-is-layout-1 wp-block-columns-is-layout-flex\">\n<div class=\"wp-block-column is-layout-flow wp-block-column-is-layout-flow\" style=\"flex-basis:66.66%\">  <div class=\"jumbotron\" style=\"background-image:url('https:\/\/www.rehabimed.net\/wp-content\/uploads\/2017\/05\/rehabimed-home.jpg'); background-size:cover; position:relative; min-height: 500px;\">\n\n        <div class=\"header\">\n      <div class=\"container\">\n        <div class=\"row\">\n          <div class=\"col-md-6\">\n            <\/p>\n<h1>RehabiMed est le plus grand r\u00e9seau interdisciplinaire M\u00e9diterran\u00e9en visant \u00e0 la r\u00e9habilitation durable, la restauration du patrimoine et de la r\u00e9g\u00e9n\u00e9ration urbaine.<\/h1>\n<p>          <\/div>\n        <\/div>\n      <\/div>\n\n    <\/div>\n  <\/div>\n\n  \n\n\n\n\n<div class=\"wp-block-group home-slider\"><div class=\"wp-block-group__inner-container is-layout-constrained wp-block-group-is-layout-constrained\">  <div class=\"jumbotron\" style=\"background-image:url('https:\/\/www.rehabimed.net\/wp-content\/uploads\/2023\/03\/1_QUI-SOM.jpg'); background-size:cover; position:relative; min-height: 500px;\">\n\n    <a href=\"https:\/\/www.rehabimed.net\/fr\/qui-sommes-nous\/\" class=\"stretched-link\"><\/a>    <div class=\"header\">\n      <div class=\"container\">\n        <div class=\"row\">\n          <div class=\"col-md-6\">\n            <\/p>\n<h2>Qui sommes nous <\/h2>\n<p>          <\/div>\n        <\/div>\n      <\/div>\n\n    <\/div>\n  <\/div>\n\n  \n\n\n\n  <div class=\"jumbotron\" style=\"background-image:url('https:\/\/www.rehabimed.net\/wp-content\/uploads\/2017\/05\/Metode-rhm-1.jpg'); background-size:cover; position:relative; min-height: 500px;\">\n\n    <a href=\"https:\/\/www.rehabimed.net\/fr\/category\/publications\/\" class=\"stretched-link\"><\/a>    <div class=\"header\">\n      <div class=\"container\">\n        <div class=\"row\">\n          <div class=\"col-md-6\">\n            <\/p>\n<h2>Publications <\/h2>\n<p>          <\/div>\n        <\/div>\n      <\/div>\n\n    <\/div>\n  <\/div>\n\n  \n\n\n\n  <div class=\"jumbotron\" style=\"background-image:url('https:\/\/www.rehabimed.net\/wp-content\/uploads\/2023\/03\/3_PROJECTES_1.jpg'); background-size:cover; position:relative; min-height: 500px;\">\n\n    <a href=\"https:\/\/www.rehabimed.net\/fr\/category\/projets\/\" class=\"stretched-link\"><\/a>    <div class=\"header\">\n      <div class=\"container\">\n        <div class=\"row\">\n          <div class=\"col-md-6\">\n            <\/p>\n<h2>Projets<\/h2>\n<p>          <\/div>\n        <\/div>\n      <\/div>\n\n    <\/div>\n  <\/div>\n\n  \n\n<\/div><\/div>\n<\/div>\n\n\n\n<div class=\"wp-block-column is-layout-flow wp-block-column-is-layout-flow\" style=\"flex-basis:33.33%\">\n    \n      <div class=\"news-wrapper \">\n                  <h4>Nouvelles<\/h4>\n        \n        <div class=\"news-inner\">\n\n          \n            <div class=\"ms-item col-12\">\n    <div class=\"grid-item-content row\">\n\n\t\t<div class=\"col-md-4 bgimg\">\n\t\t\t<a href=\"https:\/\/www.rehabimed.net\/fr\/2026\/02\/rehabimed-participa-en-lestudi-del-patrimoni-arquitectonic-del-centre-historic-de-riyadh\/\" class=\"post-title-link\">\n\n\t\t\t\t\t\t\t\n\t\t\t\t<img decoding=\"async\" width=\"275\" height=\"275\" src=\"https:\/\/www.rehabimed.net\/wp-content\/uploads\/2026\/02\/riad-275x275.jpg\" class=\"img-responsive wp-post-image\" alt=\"\" \/>\n\t\t\t\t\n\t\t\t<\/a>    \n\t\t<\/div>\n\t\t<div class=\"col-md-8\">\n\t\t\t<h2 class=\"entry-title\"><a href=\"https:\/\/www.rehabimed.net\/fr\/2026\/02\/rehabimed-participa-en-lestudi-del-patrimoni-arquitectonic-del-centre-historic-de-riyadh\/\" class=\"post-title-link\">RehabiMed participe \u00e0 l\u2019\u00e9tude du patrimoine architectural du centre historique de Riyad<\/a><\/h2>\n\t\t\t<time class=\"updated\" datetime=\"2026-02-15T14:30:00+00:00\">15 f\u00e9vrier 2026<\/time>\n\n\t\t\t\t\t\t\t<div class=\"grid-excerpt\">\n\t\t\t\t<p>\nTout au long de l\u2019ann\u00e9e 2025, RehabiMed a travaill\u00e9 sur l\u2019\u00e9tude de b\u00e2timents patrimoniaux du &hellip; <\/p>\t\t\t\t<\/div>\n\t\t\t\t\t\t\n\t\t<\/div>\n\n\t<\/div>\n<\/div>\n          \n            <div class=\"ms-item col-12\">\n    <div class=\"grid-item-content row\">\n\n\t\t<div class=\"col-md-4 bgimg\">\n\t\t\t<a href=\"https:\/\/www.rehabimed.net\/fr\/2026\/01\/convocatoria-asamblea-general-ordinaria\/\" class=\"post-title-link\">\n\n\t\t\t\t\t\t\t\n\t\t\t\t<img decoding=\"async\" width=\"275\" height=\"275\" src=\"https:\/\/www.rehabimed.net\/wp-content\/uploads\/2026\/02\/riad6-275x275.jpg\" class=\"img-responsive wp-post-image\" alt=\"\" \/>\n\t\t\t\t\n\t\t\t<\/a>    \n\t\t<\/div>\n\t\t<div class=\"col-md-8\">\n\t\t\t<h2 class=\"entry-title\"><a href=\"https:\/\/www.rehabimed.net\/fr\/2026\/01\/convocatoria-asamblea-general-ordinaria\/\" class=\"post-title-link\">Ordinari General Assembly<\/a><\/h2>\n\t\t\t<time class=\"updated\" datetime=\"2026-01-26T09:48:00+00:00\">26 janvier 2026<\/time>\n\n\t\t\t\t\t\t\t<div class=\"grid-excerpt\">\n\t\t\t\t<p>\nAGENDA:\n\n\n\n1. Reading and approval of the minutes of the previous assemblies\n\n\n\n2. President's &hellip; <\/p>\t\t\t\t<\/div>\n\t\t\t\t\t\t\n\t\t<\/div>\n\n\t<\/div>\n<\/div>\n          \n            <div class=\"ms-item col-12\">\n    <div class=\"grid-item-content row\">\n\n\t\t<div class=\"col-md-4 bgimg\">\n\t\t\t<a href=\"https:\/\/www.rehabimed.net\/fr\/2026\/01\/rehabimed-rehabilitates-and-launches-a-cultural-centre-in-tell-bayaa-in-raqqa-syria\/\" class=\"post-title-link\">\n\n\t\t\t\t\t\t\t\n\t\t\t\t<img decoding=\"async\" width=\"275\" height=\"275\" src=\"https:\/\/www.rehabimed.net\/wp-content\/uploads\/2026\/02\/1-275x275.jpg\" class=\"img-responsive wp-post-image\" alt=\"\" \/>\n\t\t\t\t\n\t\t\t<\/a>    \n\t\t<\/div>\n\t\t<div class=\"col-md-8\">\n\t\t\t<h2 class=\"entry-title\"><a href=\"https:\/\/www.rehabimed.net\/fr\/2026\/01\/rehabimed-rehabilitates-and-launches-a-cultural-centre-in-tell-bayaa-in-raqqa-syria\/\" class=\"post-title-link\">RehabiMed r\u00e9habilite et met en service un centre culturel \u00e0 Tell Baya\u2019a, \u00e0 Raqqa (Syrie)<\/a><\/h2>\n\t\t\t<time class=\"updated\" datetime=\"2026-01-10T19:41:03+00:00\">10 janvier 2026<\/time>\n\n\t\t\t\t\t\t\t<div class=\"grid-excerpt\">\n\t\t\t\t<p>\nAu cours des quatre derni\u00e8res ann\u00e9es, RehabiMed a travaill\u00e9 \u00e0 Raqqa, plus pr\u00e9cis\u00e9ment \u00e0 Tell &hellip; <\/p>\t\t\t\t<\/div>\n\t\t\t\t\t\t\n\t\t<\/div>\n\n\t<\/div>\n<\/div>\n          \n            <div class=\"ms-item col-12\">\n    <div class=\"grid-item-content row\">\n\n\t\t<div class=\"col-md-4 bgimg\">\n\t\t\t<a href=\"https:\/\/www.rehabimed.net\/fr\/2025\/12\/the-study-on-espluga-de-cuberes-and-its-surroundings-has-been-published\/\" class=\"post-title-link\">\n\n\t\t\t\t\t\t\t\n\t\t\t\t<img decoding=\"async\" width=\"275\" height=\"275\" src=\"https:\/\/www.rehabimed.net\/wp-content\/uploads\/2026\/01\/portada-Espluga-275x275.jpg\" class=\"img-responsive wp-post-image\" alt=\"\" \/>\n\t\t\t\t\n\t\t\t<\/a>    \n\t\t<\/div>\n\t\t<div class=\"col-md-8\">\n\t\t\t<h2 class=\"entry-title\"><a href=\"https:\/\/www.rehabimed.net\/fr\/2025\/12\/the-study-on-espluga-de-cuberes-and-its-surroundings-has-been-published\/\" class=\"post-title-link\">Publication de l\u2019\u00e9tude sur Espluga de Cuberes et son environnement<\/a><\/h2>\n\t\t\t<time class=\"updated\" datetime=\"2025-12-03T18:17:08+00:00\">3 d\u00e9cembre 2025<\/time>\n\n\t\t\t\t\t\t\t<div class=\"grid-excerpt\">\n\t\t\t\t<p>\nLes travaux r\u00e9alis\u00e9s \u00e0 l\u2019Espluga de Cuberes et dans son environnement, dans le cadre du projet &hellip; <\/p>\t\t\t\t<\/div>\n\t\t\t\t\t\t\n\t\t<\/div>\n\n\t<\/div>\n<\/div>\n          \n            <div class=\"ms-item col-12\">\n    <div class=\"grid-item-content row\">\n\n\t\t<div class=\"col-md-4 bgimg\">\n\t\t\t<a href=\"https:\/\/www.rehabimed.net\/fr\/2025\/03\/assemblee-generale-ordinaire\/\" class=\"post-title-link\">\n\n\t\t\t\t\t\t\t\n\t\t\t\t<img decoding=\"async\" width=\"275\" height=\"275\" src=\"https:\/\/www.rehabimed.net\/wp-content\/uploads\/2024\/02\/27-1-275x275.jpg\" class=\"img-responsive wp-post-image\" alt=\"\" \/>\n\t\t\t\t\n\t\t\t<\/a>    \n\t\t<\/div>\n\t\t<div class=\"col-md-8\">\n\t\t\t<h2 class=\"entry-title\"><a href=\"https:\/\/www.rehabimed.net\/fr\/2025\/03\/assemblee-generale-ordinaire\/\" class=\"post-title-link\">Assembl\u00e9e g\u00e9n\u00e9rale ordinaire<\/a><\/h2>\n\t\t\t<time class=\"updated\" datetime=\"2025-03-03T16:41:42+00:00\">3 mars 2025<\/time>\n\n\t\t\t\t\t\t\t<div class=\"grid-excerpt\">\n\t\t\t\t<p>\nDATE ET HEURE : Lundi 24 mars 2025, \u00e0 18h30LIEU : EPSEB, Dr. Mara\u00f1\u00f3n, 50 - 08028 BarceloneORDRE DU &hellip; <\/p>\t\t\t\t<\/div>\n\t\t\t\t\t\t\n\t\t<\/div>\n\n\t<\/div>\n<\/div>\n          \n            <div class=\"ms-item col-12\">\n    <div class=\"grid-item-content row\">\n\n\t\t<div class=\"col-md-4 bgimg\">\n\t\t\t<a href=\"https:\/\/www.rehabimed.net\/fr\/2024\/12\/presentacio-del-projecte-viure-al-penya-segat\/\" class=\"post-title-link\">\n\n\t\t\t\t\t\t\t\n\t\t\t\t<img decoding=\"async\" width=\"275\" height=\"275\" src=\"https:\/\/www.rehabimed.net\/wp-content\/uploads\/2024\/12\/Imagen4-275x275.jpg\" class=\"img-responsive wp-post-image\" alt=\"\" \/>\n\t\t\t\t\n\t\t\t<\/a>    \n\t\t<\/div>\n\t\t<div class=\"col-md-8\">\n\t\t\t<h2 class=\"entry-title\"><a href=\"https:\/\/www.rehabimed.net\/fr\/2024\/12\/presentacio-del-projecte-viure-al-penya-segat\/\" class=\"post-title-link\">Pr\u00e9sentation du projet \u00ab Vivre dans la falaise \u00bb<\/a><\/h2>\n\t\t\t<time class=\"updated\" datetime=\"2024-12-19T15:43:25+00:00\">19 d\u00e9cembre 2024<\/time>\n\n\t\t\t\t\t\t\t<div class=\"grid-excerpt\">\n\t\t\t\t<p>\nApr\u00e8s la pr\u00e9sentation de cl\u00f4ture en septembre, plusieurs pr\u00e9sentations du projet Living on the &hellip; <\/p>\t\t\t\t<\/div>\n\t\t\t\t\t\t\n\t\t<\/div>\n\n\t<\/div>\n<\/div>\n          \n        <\/div>\n\n      <\/div>\n    \n<\/div>\n<\/div>\n","protected":false},"excerpt":{"rendered":"","protected":false},"author":3,"featured_media":0,"parent":0,"menu_order":0,"comment_status":"closed","ping_status":"closed","template":"template-fullwidth.php","meta":{"_monsterinsights_skip_tracking":false,"_monsterinsights_sitenote_active":false,"_monsterinsights_sitenote_note":"","_monsterinsights_sitenote_category":0,"_uf_show_specific_survey":0,"_uf_disable_surveys":false,"footnotes":""},"aioseo_notices":[],"_links":{"self":[{"href":"https:\/\/www.rehabimed.net\/fr\/wp-json\/wp\/v2\/pages\/21183"}],"collection":[{"href":"https:\/\/www.rehabimed.net\/fr\/wp-json\/wp\/v2\/pages"}],"about":[{"href":"https:\/\/www.rehabimed.net\/fr\/wp-json\/wp\/v2\/types\/page"}],"author":[{"embeddable":true,"href":"https:\/\/www.rehabimed.net\/fr\/wp-json\/wp\/v2\/users\/3"}],"replies":[{"embeddable":true,"href":"https:\/\/www.rehabimed.net\/fr\/wp-json\/wp\/v2\/comments?post=21183"}],"version-history":[{"count":0,"href":"https:\/\/www.rehabimed.net\/fr\/wp-json\/wp\/v2\/pages\/21183\/revisions"}],"wp:attachment":[{"href":"https:\/\/www.rehabimed.net\/fr\/wp-json\/wp\/v2\/media?parent=21183"}],"curies":[{"name":"wp","href":"https:\/\/api.w.org\/{rel}","templated":true}]}}