{"id":21182,"date":"2023-03-08T13:57:53","date_gmt":"2023-03-08T12:57:53","guid":{"rendered":"https:\/\/www.rehabimed.net\/home-test\/"},"modified":"2023-03-23T14:01:32","modified_gmt":"2023-03-23T13:01:32","slug":"inici","status":"publish","type":"page","link":"https:\/\/www.rehabimed.net\/ca\/","title":{"rendered":"Inici"},"content":{"rendered":"\n<div style=\"height:50px\" aria-hidden=\"true\" class=\"wp-block-spacer\"><\/div>\n\n\n\n<div class=\"wp-block-columns is-layout-flex wp-container-core-columns-is-layout-1 wp-block-columns-is-layout-flex\">\n<div class=\"wp-block-column is-layout-flow wp-block-column-is-layout-flow\" style=\"flex-basis:66.66%\">  <div class=\"jumbotron\" style=\"background-image:url('https:\/\/www.rehabimed.net\/wp-content\/uploads\/2017\/05\/rehabimed-home.jpg'); background-size:cover; position:relative; min-height: 500px;\">\n\n        <div class=\"header\">\n      <div class=\"container\">\n        <div class=\"row\">\n          <div class=\"col-md-6\">\n            <\/p>\n<h1>RehabiMed \u00e9s la major xarxa interdisciplinar de la Mediterr\u00e0nia orientada a la rehabilitaci\u00f3 sostenible, la restauraci\u00f3 del patrimoni i la regeneraci\u00f3 urbana.<\/h1>\n<p>          <\/div>\n        <\/div>\n      <\/div>\n\n    <\/div>\n  <\/div>\n\n  \n\n\n\n\n<div class=\"wp-block-group home-slider\"><div class=\"wp-block-group__inner-container is-layout-constrained wp-block-group-is-layout-constrained\">  <div class=\"jumbotron\" style=\"background-image:url('https:\/\/www.rehabimed.net\/wp-content\/uploads\/2023\/03\/1_QUI-SOM.jpg'); background-size:cover; position:relative; min-height: 500px;\">\n\n    <a href=\"https:\/\/www.rehabimed.net\/ca\/qui-som\/\" class=\"stretched-link\"><\/a>    <div class=\"header\">\n      <div class=\"container\">\n        <div class=\"row\">\n          <div class=\"col-md-6\">\n            <\/p>\n<h2>Qui som <\/h2>\n<p>          <\/div>\n        <\/div>\n      <\/div>\n\n    <\/div>\n  <\/div>\n\n  \n\n\n\n  <div class=\"jumbotron\" style=\"background-image:url('https:\/\/www.rehabimed.net\/wp-content\/uploads\/2017\/05\/Metode-rhm-1.jpg'); background-size:cover; position:relative; min-height: 500px;\">\n\n    <a href=\"https:\/\/www.rehabimed.net\/ca\/category\/publicacions\/\" class=\"stretched-link\"><\/a>    <div class=\"header\">\n      <div class=\"container\">\n        <div class=\"row\">\n          <div class=\"col-md-6\">\n            <\/p>\n<h2>Les nostres publicacions <\/h2>\n<p>          <\/div>\n        <\/div>\n      <\/div>\n\n    <\/div>\n  <\/div>\n\n  \n\n\n\n  <div class=\"jumbotron\" style=\"background-image:url('https:\/\/www.rehabimed.net\/wp-content\/uploads\/2023\/03\/3_PROJECTES_1.jpg'); background-size:cover; position:relative; min-height: 500px;\">\n\n    <a href=\"https:\/\/www.rehabimed.net\/ca\/category\/projectes\/\" class=\"stretched-link\"><\/a>    <div class=\"header\">\n      <div class=\"container\">\n        <div class=\"row\">\n          <div class=\"col-md-6\">\n            <\/p>\n<h2>Projectes<\/h2>\n<p>          <\/div>\n        <\/div>\n      <\/div>\n\n    <\/div>\n  <\/div>\n\n  \n\n<\/div><\/div>\n<\/div>\n\n\n\n<div class=\"wp-block-column is-layout-flow wp-block-column-is-layout-flow\" style=\"flex-basis:33.33%\">\n    \n      <div class=\"news-wrapper \">\n                  <h4>\u00daltimes not\u00edcies<\/h4>\n        \n        <div class=\"news-inner\">\n\n          \n            <div class=\"ms-item col-12\">\n    <div class=\"grid-item-content row\">\n\n\t\t<div class=\"col-md-4 bgimg\">\n\t\t\t<a href=\"https:\/\/www.rehabimed.net\/ca\/2026\/04\/visita-a-la-fabrica-de-ciment-de-la-pobla-de-segur\/\" class=\"post-title-link\">\n\n\t\t\t\t\t\t\t\n\t\t\t\t<img decoding=\"async\" width=\"275\" height=\"275\" src=\"https:\/\/www.rehabimed.net\/wp-content\/uploads\/2026\/04\/general-pobla-fabrica-ciment-275x275.jpg\" class=\"img-responsive wp-post-image\" alt=\"\" \/>\n\t\t\t\t\n\t\t\t<\/a>    \n\t\t<\/div>\n\t\t<div class=\"col-md-8\">\n\t\t\t<h2 class=\"entry-title\"><a href=\"https:\/\/www.rehabimed.net\/ca\/2026\/04\/visita-a-la-fabrica-de-ciment-de-la-pobla-de-segur\/\" class=\"post-title-link\">Visita a la f\u00e0brica de ciment de la Pobla de Segur<\/a><\/h2>\n\t\t\t<time class=\"updated\" datetime=\"2026-04-27T18:55:49+00:00\">27 abril 2026<\/time>\n\n\t\t\t\t\t\t\t<div class=\"grid-excerpt\">\n\t\t\t\t<p>\nEl passat 26 d\u2019abril, una setantena de persones van participar en una visita guiada a la f\u00e0brica &hellip; <\/p>\t\t\t\t<\/div>\n\t\t\t\t\t\t\n\t\t<\/div>\n\n\t<\/div>\n<\/div>\n          \n            <div class=\"ms-item col-12\">\n    <div class=\"grid-item-content row\">\n\n\t\t<div class=\"col-md-4 bgimg\">\n\t\t\t<a href=\"https:\/\/www.rehabimed.net\/ca\/2026\/02\/rehabimed-participa-en-lestudi-del-patrimoni-arquitectonic-del-centre-historic-de-riyadh\/\" class=\"post-title-link\">\n\n\t\t\t\t\t\t\t\n\t\t\t\t<img decoding=\"async\" width=\"275\" height=\"275\" src=\"https:\/\/www.rehabimed.net\/wp-content\/uploads\/2026\/02\/riad-275x275.jpg\" class=\"img-responsive wp-post-image\" alt=\"\" \/>\n\t\t\t\t\n\t\t\t<\/a>    \n\t\t<\/div>\n\t\t<div class=\"col-md-8\">\n\t\t\t<h2 class=\"entry-title\"><a href=\"https:\/\/www.rehabimed.net\/ca\/2026\/02\/rehabimed-participa-en-lestudi-del-patrimoni-arquitectonic-del-centre-historic-de-riyadh\/\" class=\"post-title-link\">Rehabimed participa en l\u2019estudi del patrimoni arquitect\u00f2nic del centre hist\u00f2ric de Riyadh<\/a><\/h2>\n\t\t\t<time class=\"updated\" datetime=\"2026-02-15T14:30:00+00:00\">15 febrer 2026<\/time>\n\n\t\t\t\t\t\t\t<div class=\"grid-excerpt\">\n\t\t\t\t<p>\nAl llarg de l\u2019any 2025, RehabiMed ha estat treballant en l\u2019estudi d\u2019edificis patrimonials del &hellip; <\/p>\t\t\t\t<\/div>\n\t\t\t\t\t\t\n\t\t<\/div>\n\n\t<\/div>\n<\/div>\n          \n            <div class=\"ms-item col-12\">\n    <div class=\"grid-item-content row\">\n\n\t\t<div class=\"col-md-4 bgimg\">\n\t\t\t<a href=\"https:\/\/www.rehabimed.net\/ca\/2026\/01\/convocatoria-asamblea-general-ordinaria\/\" class=\"post-title-link\">\n\n\t\t\t\t\t\t\t\n\t\t\t\t<img decoding=\"async\" width=\"275\" height=\"275\" src=\"https:\/\/www.rehabimed.net\/wp-content\/uploads\/2026\/02\/riad6-275x275.jpg\" class=\"img-responsive wp-post-image\" alt=\"\" \/>\n\t\t\t\t\n\t\t\t<\/a>    \n\t\t<\/div>\n\t\t<div class=\"col-md-8\">\n\t\t\t<h2 class=\"entry-title\"><a href=\"https:\/\/www.rehabimed.net\/ca\/2026\/01\/convocatoria-asamblea-general-ordinaria\/\" class=\"post-title-link\">Convocatoria Asamblea General Ordinaria<\/a><\/h2>\n\t\t\t<time class=\"updated\" datetime=\"2026-01-26T09:48:00+00:00\">26 gener 2026<\/time>\n\n\t\t\t\t\t\t\t<div class=\"grid-excerpt\">\n\t\t\t\t<p>\nD\u00eda y hora: 18 de febrero 2026, a las 18:30h\n\n\n\nLugar:&nbsp; EPSEB, Dr. Mara\u00f1\u00f3n, 50 - 08028 &hellip; <\/p>\t\t\t\t<\/div>\n\t\t\t\t\t\t\n\t\t<\/div>\n\n\t<\/div>\n<\/div>\n          \n            <div class=\"ms-item col-12\">\n    <div class=\"grid-item-content row\">\n\n\t\t<div class=\"col-md-4 bgimg\">\n\t\t\t<a href=\"https:\/\/www.rehabimed.net\/ca\/2026\/01\/rehabimed-rehabilitates-and-launches-a-cultural-centre-in-tell-bayaa-in-raqqa-syria\/\" class=\"post-title-link\">\n\n\t\t\t\t\t\t\t\n\t\t\t\t<img decoding=\"async\" width=\"275\" height=\"275\" src=\"https:\/\/www.rehabimed.net\/wp-content\/uploads\/2026\/02\/1-275x275.jpg\" class=\"img-responsive wp-post-image\" alt=\"\" \/>\n\t\t\t\t\n\t\t\t<\/a>    \n\t\t<\/div>\n\t\t<div class=\"col-md-8\">\n\t\t\t<h2 class=\"entry-title\"><a href=\"https:\/\/www.rehabimed.net\/ca\/2026\/01\/rehabimed-rehabilitates-and-launches-a-cultural-centre-in-tell-bayaa-in-raqqa-syria\/\" class=\"post-title-link\">RehabiMed rehabilita i posa en marxa un centre cultural a Tell Baya\u2019a, a Raqqa (S\u00edria)<\/a><\/h2>\n\t\t\t<time class=\"updated\" datetime=\"2026-01-10T19:41:03+00:00\">10 gener 2026<\/time>\n\n\t\t\t\t\t\t\t<div class=\"grid-excerpt\">\n\t\t\t\t<p>\nAl llarg dels darrers quatre anys, RehabiMed ha estat treballant a Raqqa, concretament a Tell &hellip; <\/p>\t\t\t\t<\/div>\n\t\t\t\t\t\t\n\t\t<\/div>\n\n\t<\/div>\n<\/div>\n          \n            <div class=\"ms-item col-12\">\n    <div class=\"grid-item-content row\">\n\n\t\t<div class=\"col-md-4 bgimg\">\n\t\t\t<a href=\"https:\/\/www.rehabimed.net\/ca\/2025\/12\/es-publica-lestudi-sobre-lespluga-de-cuberes-i-el-seu-entorn\/\" class=\"post-title-link\">\n\n\t\t\t\t\t\t\t\n\t\t\t\t<img decoding=\"async\" width=\"275\" height=\"275\" src=\"https:\/\/www.rehabimed.net\/wp-content\/uploads\/2026\/01\/portada-Espluga-275x275.jpg\" class=\"img-responsive wp-post-image\" alt=\"\" \/>\n\t\t\t\t\n\t\t\t<\/a>    \n\t\t<\/div>\n\t\t<div class=\"col-md-8\">\n\t\t\t<h2 class=\"entry-title\"><a href=\"https:\/\/www.rehabimed.net\/ca\/2025\/12\/es-publica-lestudi-sobre-lespluga-de-cuberes-i-el-seu-entorn\/\" class=\"post-title-link\">Es publica l\u2019estudi sobre l\u2019Espluga de Cuberes i el seu entorn<\/a><\/h2>\n\t\t\t<time class=\"updated\" datetime=\"2025-12-03T18:17:08+00:00\">3 desembre 2025<\/time>\n\n\t\t\t\t\t\t\t<div class=\"grid-excerpt\">\n\t\t\t\t<p>\nEls treballs realitzats a l\u2019Espluga de Cuberes i el seu entorn, en el marc del Projecte &hellip; <\/p>\t\t\t\t<\/div>\n\t\t\t\t\t\t\n\t\t<\/div>\n\n\t<\/div>\n<\/div>\n          \n            <div class=\"ms-item col-12\">\n    <div class=\"grid-item-content row\">\n\n\t\t<div class=\"col-md-4 bgimg\">\n\t\t\t<a href=\"https:\/\/www.rehabimed.net\/ca\/2025\/03\/assemblea-general-ordinaria-2\/\" class=\"post-title-link\">\n\n\t\t\t\t\t\t\t\n\t\t\t\t<img decoding=\"async\" width=\"275\" height=\"275\" src=\"https:\/\/www.rehabimed.net\/wp-content\/uploads\/2024\/02\/27-1-275x275.jpg\" class=\"img-responsive wp-post-image\" alt=\"\" srcset=\"https:\/\/www.rehabimed.net\/wp-content\/uploads\/2024\/02\/27-1-275x275.jpg 275w, https:\/\/www.rehabimed.net\/wp-content\/uploads\/2024\/02\/27-1-300x300.jpg 300w\" sizes=\"(max-width: 275px) 100vw, 275px\" \/>\n\t\t\t\t\n\t\t\t<\/a>    \n\t\t<\/div>\n\t\t<div class=\"col-md-8\">\n\t\t\t<h2 class=\"entry-title\"><a href=\"https:\/\/www.rehabimed.net\/ca\/2025\/03\/assemblea-general-ordinaria-2\/\" class=\"post-title-link\">Assemblea general ordin\u00e0ria<\/a><\/h2>\n\t\t\t<time class=\"updated\" datetime=\"2025-03-03T16:41:42+00:00\">3 mar\u00e7 2025<\/time>\n\n\t\t\t\t\t\t\t<div class=\"grid-excerpt\">\n\t\t\t\t<p>\nDIA I HORA: dilluns, 24 de mar\u00e7 de 2025, a les 18:30hLLoc: EPSEB, Dr. Mara\u00f1\u00f3n, 50 \u2013 08028 &hellip; <\/p>\t\t\t\t<\/div>\n\t\t\t\t\t\t\n\t\t<\/div>\n\n\t<\/div>\n<\/div>\n          \n        <\/div>\n\n      <\/div>\n    \n<\/div>\n<\/div>\n","protected":false},"excerpt":{"rendered":"","protected":false},"author":3,"featured_media":0,"parent":0,"menu_order":0,"comment_status":"closed","ping_status":"closed","template":"template-fullwidth.php","meta":{"_monsterinsights_skip_tracking":false,"_monsterinsights_sitenote_active":false,"_monsterinsights_sitenote_note":"","_monsterinsights_sitenote_category":0,"_uf_show_specific_survey":0,"_uf_disable_surveys":false,"footnotes":""},"aioseo_notices":[],"_links":{"self":[{"href":"https:\/\/www.rehabimed.net\/ca\/wp-json\/wp\/v2\/pages\/21182"}],"collection":[{"href":"https:\/\/www.rehabimed.net\/ca\/wp-json\/wp\/v2\/pages"}],"about":[{"href":"https:\/\/www.rehabimed.net\/ca\/wp-json\/wp\/v2\/types\/page"}],"author":[{"embeddable":true,"href":"https:\/\/www.rehabimed.net\/ca\/wp-json\/wp\/v2\/users\/3"}],"replies":[{"embeddable":true,"href":"https:\/\/www.rehabimed.net\/ca\/wp-json\/wp\/v2\/comments?post=21182"}],"version-history":[{"count":0,"href":"https:\/\/www.rehabimed.net\/ca\/wp-json\/wp\/v2\/pages\/21182\/revisions"}],"wp:attachment":[{"href":"https:\/\/www.rehabimed.net\/ca\/wp-json\/wp\/v2\/media?parent=21182"}],"curies":[{"name":"wp","href":"https:\/\/api.w.org\/{rel}","templated":true}]}}